{"id":29268,"date":"2026-07-15T00:31:02","date_gmt":"2026-07-15T03:31:02","guid":{"rendered":"https:\/\/cacapalavrasdidaticos.com.br\/site\/?post_type=product&#038;p=29268"},"modified":"2026-07-15T00:35:29","modified_gmt":"2026-07-15T03:35:29","slug":"ferramentas-do-mundo-do-trabalho-1o-ano-2o-trimestre-volume-3","status":"publish","type":"product","link":"https:\/\/cacapalavrasdidaticos.com.br\/site\/produto\/ferramentas-do-mundo-do-trabalho-1o-ano-2o-trimestre-volume-3\/","title":{"rendered":"FERRAMENTAS DO MUNDO DO TRABALHO &#8211; 1\u00ba ANO &#8211; 2\u00ba TRIMESTRE (VOLUME 3)"},"content":{"rendered":"","protected":false},"excerpt":{"rendered":"<h1 class=\"PDq2pG_selectionAnchorContainer\" data-section-id=\"2wwojl\" data-start=\"567\" data-end=\"662\">\ud83d\ude80 Ferramentas para o Mundo do Trabalho \u2013 1\u00ba Ano do Ensino M\u00e9dio \u2013 2\u00ba Trimestre \u2013 162 p\u00e1ginas<\/h1>\n<p data-start=\"664\" data-end=\"746\">Prepare os estudantes para os desafios do mercado profissional do s\u00e9culo XXI! \ud83c\udf0e\ud83d\udcbc<\/p>\n<p data-start=\"748\" data-end=\"984\">Um material completo do <strong data-start=\"772\" data-end=\"796\">Itiner\u00e1rio Formativo<\/strong>, desenvolvido para aproximar a escola das demandas reais do mundo do trabalho, promovendo autonomia, organiza\u00e7\u00e3o, comunica\u00e7\u00e3o e dom\u00ednio de ferramentas essenciais para a vida profissional.<\/p>\n<p data-start=\"986\" data-end=\"1029\">\u2728 <strong data-start=\"988\" data-end=\"1029\">O que voc\u00ea encontrar\u00e1 neste material:<\/strong><\/p>\n<p data-start=\"1031\" data-end=\"1057\">\u2714 <strong data-start=\"1033\" data-end=\"1057\">Ferramentas Digitais<\/strong><\/p>\n<ul data-start=\"1058\" data-end=\"1234\">\n<li data-section-id=\"1289aiz\" data-start=\"1058\" data-end=\"1115\">Uso de documentos digitais e plataformas colaborativas;<\/li>\n<li data-section-id=\"1ef36x5\" data-start=\"1116\" data-end=\"1170\">Produ\u00e7\u00e3o e organiza\u00e7\u00e3o de informa\u00e7\u00f5es profissionais;<\/li>\n<li data-section-id=\"142iwqp\" data-start=\"1171\" data-end=\"1234\">Ferramentas tecnol\u00f3gicas aplicadas aos estudos e ao trabalho.<\/li>\n<\/ul>\n<p data-start=\"1236\" data-end=\"1277\">\u2714 <strong data-start=\"1238\" data-end=\"1277\">Finan\u00e7as e Comunica\u00e7\u00e3o Profissional<\/strong><\/p>\n<ul data-start=\"1278\" data-end=\"1448\">\n<li data-section-id=\"1fstbkw\" data-start=\"1278\" data-end=\"1339\">Educa\u00e7\u00e3o financeira aplicada \u00e0 vida pessoal e profissional;<\/li>\n<li data-section-id=\"1puk8o7\" data-start=\"1340\" data-end=\"1390\">Organiza\u00e7\u00e3o de informa\u00e7\u00f5es e tomada de decis\u00f5es;<\/li>\n<li data-section-id=\"rtebqd\" data-start=\"1391\" data-end=\"1448\">Desenvolvimento da comunica\u00e7\u00e3o no ambiente de trabalho.<\/li>\n<\/ul>\n<p data-start=\"1450\" data-end=\"1480\">\u2714 <strong data-start=\"1452\" data-end=\"1480\">Comunica\u00e7\u00e3o Profissional<\/strong><\/p>\n<ul data-start=\"1481\" data-end=\"1616\">\n<li data-section-id=\"ififdb\" data-start=\"1481\" data-end=\"1504\">Escrita profissional;<\/li>\n<li data-section-id=\"r0ja66\" data-start=\"1505\" data-end=\"1555\">E-mails, relat\u00f3rios, memorandos e apresenta\u00e7\u00f5es;<\/li>\n<li data-section-id=\"6pg8hb\" data-start=\"1556\" data-end=\"1616\">Estrat\u00e9gias para uma comunica\u00e7\u00e3o clara, \u00e9tica e eficiente.<\/li>\n<\/ul>\n<p data-start=\"1618\" data-end=\"1656\">\u2714 <strong data-start=\"1620\" data-end=\"1656\">Atividades Pr\u00e1ticas e Simula\u00e7\u00f5es<\/strong><\/p>\n<ul data-start=\"1657\" data-end=\"1793\">\n<li data-section-id=\"ii4ckw\" data-start=\"1657\" data-end=\"1676\">Reuni\u00e3o simulada;<\/li>\n<li data-section-id=\"4qwwit\" data-start=\"1677\" data-end=\"1703\">Entrevista profissional;<\/li>\n<li data-section-id=\"luflti\" data-start=\"1704\" data-end=\"1729\">Produ\u00e7\u00e3o de documentos;<\/li>\n<li data-section-id=\"16dbzkn\" data-start=\"1730\" data-end=\"1793\">Apresenta\u00e7\u00f5es e desafios aplicados ao cotidiano profissional.<\/li>\n<\/ul>\n<p data-start=\"1795\" data-end=\"1822\">\ud83c\udfaf <strong data-start=\"1798\" data-end=\"1822\">Objetivo do material<\/strong><\/p>\n<p data-start=\"1824\" data-end=\"2059\">Desenvolver compet\u00eancias fundamentais para que os estudantes estejam preparados para um mundo do trabalho cada vez mais digital, din\u00e2mico e colaborativo, fortalecendo o pensamento cr\u00edtico, a autonomia e a responsabilidade profissional.<\/p>\n<p data-start=\"2061\" data-end=\"2093\">\ud83d\udcda <strong data-start=\"2064\" data-end=\"2093\">Diferenciais do material:<\/strong><\/p>\n<p data-start=\"2095\" data-end=\"2354\">\u2714 Alinhado ao Ensino M\u00e9dio e \u00e0s compet\u00eancias da BNCC;<br data-start=\"2148\" data-end=\"2151\" \/>\u2714 Conte\u00fado organizado em unidades did\u00e1ticas;<br data-start=\"2195\" data-end=\"2198\" \/>\u2714 Atividades pr\u00e1ticas e contextualizadas;<br data-start=\"2239\" data-end=\"2242\" \/>\u2714 Linguagem acess\u00edvel e pr\u00f3xima da realidade dos estudantes;<br data-start=\"2302\" data-end=\"2305\" \/>\u2714 Material pronto para aplica\u00e7\u00e3o em sala de aula.<\/p>\n<p data-start=\"2356\" data-end=\"2417\">\ud83c\udf31 <strong data-start=\"2359\" data-end=\"2371\">Autoria:<\/strong><br data-start=\"2371\" data-end=\"2374\" \/><strong data-start=\"2374\" data-end=\"2417\">Elaine Cris Andrade e equipe pedag\u00f3gica<\/strong><\/p>\n<p data-start=\"2419\" data-end=\"2488\">\ud83d\udce5 Material digital completo em PDF, pronto para uso com seus alunos!<\/p>\n<p data-start=\"2490\" data-end=\"2589\">Transforme o aprendizado em experi\u00eancias que preparam os jovens para as oportunidades do futuro. \ud83d\ude80<\/p>\n<p data-start=\"2490\" data-end=\"2589\">\n<p style=\"text-align: center;\"><strong>AVISO IMPORTANTE:<\/strong><\/p>\n<p style=\"text-align: center;\"><strong>MAIS INFORMA\u00c7\u00d5ES E COMPRA PELO PIX, ENTRE EM CONTATO CONOSCO: 31-994716920. PIX: 31-994716920 (Eduardo de Sousa)<\/strong><\/p>\n<p style=\"text-align: center;\"><strong>ENVIO DO MATERIAL: EM AT\u00c9 1 (UM) DIA \u00daTIL, AP\u00d3S A CONFIRMA\u00c7\u00c3O DO PAGAMENTO<\/strong>\u00a0<strong>(SER\u00c1 ENVIADO UM LINK DO GOOGLE DRIVE NO E-MAIL INFORMADO NO ATO DA COMPRA PARA O DOWNLOAD DA APOSTILA).<\/strong><\/p>\n","protected":false},"featured_media":29269,"comment_status":"open","ping_status":"closed","template":"","meta":[],"product_brand":[],"product_cat":[152],"product_tag":[128,31,188],"class_list":["post-29268","product","type-product","status-publish","has-post-thumbnail","product_cat-plano-de-curso","product_tag-atividades-adaptadas","product_tag-atividades-ludicas","product_tag-itinerarios-mg","first","instock","virtual","taxable","purchasable","product-type-simple"],"_links":{"self":[{"href":"https:\/\/cacapalavrasdidaticos.com.br\/site\/wp-json\/wp\/v2\/product\/29268","targetHints":{"allow":["GET"]}}],"collection":[{"href":"https:\/\/cacapalavrasdidaticos.com.br\/site\/wp-json\/wp\/v2\/product"}],"about":[{"href":"https:\/\/cacapalavrasdidaticos.com.br\/site\/wp-json\/wp\/v2\/types\/product"}],"replies":[{"embeddable":true,"href":"https:\/\/cacapalavrasdidaticos.com.br\/site\/wp-json\/wp\/v2\/comments?post=29268"}],"wp:featuredmedia":[{"embeddable":true,"href":"https:\/\/cacapalavrasdidaticos.com.br\/site\/wp-json\/wp\/v2\/media\/29269"}],"wp:attachment":[{"href":"https:\/\/cacapalavrasdidaticos.com.br\/site\/wp-json\/wp\/v2\/media?parent=29268"}],"wp:term":[{"taxonomy":"product_brand","embeddable":true,"href":"https:\/\/cacapalavrasdidaticos.com.br\/site\/wp-json\/wp\/v2\/product_brand?post=29268"},{"taxonomy":"product_cat","embeddable":true,"href":"https:\/\/cacapalavrasdidaticos.com.br\/site\/wp-json\/wp\/v2\/product_cat?post=29268"},{"taxonomy":"product_tag","embeddable":true,"href":"https:\/\/cacapalavrasdidaticos.com.br\/site\/wp-json\/wp\/v2\/product_tag?post=29268"}],"curies":[{"name":"wp","href":"https:\/\/api.w.org\/{rel}","templated":true}]}}