{"id":29032,"date":"2026-07-01T11:17:16","date_gmt":"2026-07-01T14:17:16","guid":{"rendered":"https:\/\/cacapalavrasdidaticos.com.br\/site\/?post_type=product&#038;p=29032"},"modified":"2026-07-01T11:21:45","modified_gmt":"2026-07-01T14:21:45","slug":"sustentabilidade-e-responsabilidade-socioambiental-planos-de-aula-1o-ano-2o-trimestre","status":"publish","type":"product","link":"https:\/\/cacapalavrasdidaticos.com.br\/site\/produto\/sustentabilidade-e-responsabilidade-socioambiental-planos-de-aula-1o-ano-2o-trimestre\/","title":{"rendered":"SUSTENTABILIDADE E RESPONSABILIDADE SOCIOAMBIENTAL + PLANOS DE AULA &#8211; 1\u00ba ANO &#8211; 2\u00ba TRIMESTRE"},"content":{"rendered":"","protected":false},"excerpt":{"rendered":"<p class=\"PDq2pG_selectionAnchorContainer\" data-start=\"173\" data-end=\"293\">\ud83d\udcd8 <strong data-start=\"176\" data-end=\"256\">SUSTENTABILIDADE E RESPONSABILIDADE SOCIOAMBIENTAL\u00a0 + PLANOS DE AULA \u2013 1\u00ba ANO \u2013 2\u00ba TRIMESTRE &#8211;<\/strong><strong data-start=\"259\" data-end=\"293\">\u00a058 P\u00c1GINAS<\/strong><\/p>\n<p data-start=\"295\" data-end=\"568\">\ud83c\udf0d Este material tem como objetivo preparar os alunos para os desafios futuros do mercado de trabalho e da conviv\u00eancia social, com foco no desenvolvimento de habilidades, atitudes \u00e9ticas e compet\u00eancias socioemocionais essenciais para um mundo interdependente e sustent\u00e1vel.<\/p>\n<p data-start=\"570\" data-end=\"813\">Com <strong data-start=\"574\" data-end=\"588\">58 p\u00e1ginas<\/strong>, a apostila oferece uma vis\u00e3o ampliada e completa dos temas que sustentam a forma\u00e7\u00e3o de cidad\u00e3os cr\u00edticos, respons\u00e1veis e preparados para atuar em um contexto global que exige atitudes conscientes e decis\u00f5es transformadoras.<\/p>\n<hr data-start=\"815\" data-end=\"818\" \/>\n<h2 data-section-id=\"d61nc8\" data-start=\"820\" data-end=\"842\"><span role=\"text\"><strong data-start=\"823\" data-end=\"842\">Temas Abordados<\/strong><\/span><\/h2>\n<ol data-start=\"844\" data-end=\"1840\">\n<li style=\"font-weight: 400;\" aria-level=\"1\"><span style=\"font-weight: 400;\">Economia Circular e Novos Modelos de Produ\u00e7\u00e3o<\/span><\/li>\n<li style=\"font-weight: 400;\" aria-level=\"1\"><span style=\"font-weight: 400;\">Consumo Consciente e Cadeias Produtivas Sustent\u00e1veis<\/span><\/li>\n<li style=\"font-weight: 400;\" aria-level=\"1\"><span style=\"font-weight: 400;\">Mudan\u00e7as Clim\u00e1ticas e seus Impactos no Mundo do Trabalho<\/span><\/li>\n<li style=\"font-weight: 400;\" aria-level=\"1\"><span style=\"font-weight: 400;\">Gest\u00e3o Ambiental nas Organiza\u00e7\u00f5es<\/span><\/li>\n<li style=\"font-weight: 400;\" aria-level=\"1\"><span style=\"font-weight: 400;\">Greenwashing e \u00c9tica na Sustentabilidade Empresarial<\/span><\/li>\n<li style=\"font-weight: 400;\" aria-level=\"1\"><span style=\"font-weight: 400;\">Finan\u00e7as Sustent\u00e1veis e Investimentos ESG<\/span><\/li>\n<li style=\"font-weight: 400;\" aria-level=\"1\"><span style=\"font-weight: 400;\">Inova\u00e7\u00e3o, Tecnologia e Solu\u00e7\u00f5es Sustent\u00e1veis<\/span><\/li>\n<li style=\"font-weight: 400;\" aria-level=\"1\"><span style=\"font-weight: 400;\">Profiss\u00f5es do Futuro e Compet\u00eancias para a Economia Verde<\/span><\/li>\n<li style=\"font-weight: 400;\" aria-level=\"1\"><span style=\"font-weight: 400;\">Planejamento e Gest\u00e3o de Projetos Sustent\u00e1veis<\/span><\/li>\n<li style=\"font-weight: 400;\" aria-level=\"1\"><span style=\"font-weight: 400;\">Laborat\u00f3rio de Sustentabilidade: Diagn\u00f3stico e Solu\u00e7\u00f5es para Organiza\u00e7\u00f5es<\/span><\/li>\n<\/ol>\n<hr data-start=\"1842\" data-end=\"1845\" \/>\n<h2 data-section-id=\"jr2fha\" data-start=\"1847\" data-end=\"1868\"><span role=\"text\"><strong data-start=\"1850\" data-end=\"1868\">Objetivo Geral<\/strong><\/span><\/h2>\n<p data-start=\"1870\" data-end=\"2129\">Desenvolver compet\u00eancias e habilidades que preparem os alunos para atuar em um mercado de trabalho din\u00e2mico, \u00e9tico e interconectado, promovendo relacionamentos humanos saud\u00e1veis e a pr\u00e1tica de atitudes sustent\u00e1veis no cotidiano pessoal, profissional e social.<\/p>\n<hr data-start=\"2131\" data-end=\"2134\" \/>\n<h2 data-section-id=\"1vkfo8f\" data-start=\"2136\" data-end=\"2190\"><span role=\"text\"><strong data-start=\"2139\" data-end=\"2190\">Compet\u00eancias Desenvolvidas ao Longo da Apostila<\/strong><\/span><\/h2>\n<p data-start=\"2192\" data-end=\"2661\">\u2714 Compreens\u00e3o cr\u00edtica dos desafios socioambientais contempor\u00e2neos<br data-start=\"2257\" data-end=\"2260\" \/>\u2714 Desenvolvimento de pensamento sist\u00eamico e estrat\u00e9gico<br data-start=\"2315\" data-end=\"2318\" \/>\u2714 Capacidade de an\u00e1lise respons\u00e1vel de decis\u00f5es com impacto social e ambiental<br data-start=\"2396\" data-end=\"2399\" \/>\u2714 Habilidades de comunica\u00e7\u00e3o, colabora\u00e7\u00e3o e resolu\u00e7\u00e3o de problemas complexos<br data-start=\"2475\" data-end=\"2478\" \/>\u2714 Tomada de decis\u00f5es \u00e9ticas e inovadoras<br data-start=\"2518\" data-end=\"2521\" \/>\u2714 Prepara\u00e7\u00e3o para novos perfis profissionais da economia verde<br data-start=\"2583\" data-end=\"2586\" \/>\u2714 Aplica\u00e7\u00e3o da sustentabilidade em contextos organizacionais e comunit\u00e1rios<\/p>\n<hr data-start=\"2663\" data-end=\"2666\" \/>\n<h2 data-section-id=\"1kfyw0j\" data-start=\"2668\" data-end=\"2688\"><span role=\"text\"><strong data-start=\"2671\" data-end=\"2688\">Justificativa<\/strong><\/span><\/h2>\n<p data-start=\"2690\" data-end=\"3104\">Em um mundo em transforma\u00e7\u00e3o acelerada, marcado por desafios ambientais, sociais e tecnol\u00f3gicos, \u00e9 imprescind\u00edvel que os estudantes desenvolvam uma compreens\u00e3o ampla da sustentabilidade integrada \u00e0 realidade das organiza\u00e7\u00f5es, das comunidades e dos mercados de trabalho. Esta apostila amplia o repert\u00f3rio dos alunos para se tornarem profissionais preparados, \u00e9ticos, cr\u00edticos e agentes de transforma\u00e7\u00e3o sustent\u00e1vel.<\/p>\n<hr data-start=\"3106\" data-end=\"3109\" \/>\n<h2 data-section-id=\"14wk3gg\" data-start=\"3111\" data-end=\"3135\"><span role=\"text\"><strong data-start=\"3114\" data-end=\"3135\">Autor da Apostila<\/strong><\/span><\/h2>\n<p data-start=\"3137\" data-end=\"3160\">\ud83d\udccc <strong data-start=\"3140\" data-end=\"3160\">Eduardo Menandes<\/strong><\/p>\n<p style=\"text-align: center;\"><strong>AVISO IMPORTANTE:<\/strong><\/p>\n<p style=\"text-align: center;\"><strong>MAIS INFORMA\u00c7\u00d5ES E COMPRA PELO PIX, ENTRE EM CONTATO CONOSCO: 31-994716920. PIX: 31-994716920 (Eduardo de Sousa)<\/strong><\/p>\n<p style=\"text-align: center;\"><strong>ENVIO DO MATERIAL: EM AT\u00c9 1 (UM) DIA \u00daTIL, AP\u00d3S A CONFIRMA\u00c7\u00c3O DO PAGAMENTO<\/strong>\u00a0<strong>(SER\u00c1 ENVIADO UM LINK DO GOOGLE DRIVE NO E-MAIL INFORMADO NO ATO DA COMPRA PARA O DOWNLOAD DA APOSTILA).<\/strong><\/p>\n","protected":false},"featured_media":29033,"comment_status":"open","ping_status":"closed","template":"","meta":[],"product_brand":[],"product_cat":[152],"product_tag":[128,31,188],"class_list":["post-29032","product","type-product","status-publish","has-post-thumbnail","product_cat-plano-de-curso","product_tag-atividades-adaptadas","product_tag-atividades-ludicas","product_tag-itinerarios-mg","first","instock","virtual","taxable","purchasable","product-type-simple"],"_links":{"self":[{"href":"https:\/\/cacapalavrasdidaticos.com.br\/site\/wp-json\/wp\/v2\/product\/29032","targetHints":{"allow":["GET"]}}],"collection":[{"href":"https:\/\/cacapalavrasdidaticos.com.br\/site\/wp-json\/wp\/v2\/product"}],"about":[{"href":"https:\/\/cacapalavrasdidaticos.com.br\/site\/wp-json\/wp\/v2\/types\/product"}],"replies":[{"embeddable":true,"href":"https:\/\/cacapalavrasdidaticos.com.br\/site\/wp-json\/wp\/v2\/comments?post=29032"}],"wp:featuredmedia":[{"embeddable":true,"href":"https:\/\/cacapalavrasdidaticos.com.br\/site\/wp-json\/wp\/v2\/media\/29033"}],"wp:attachment":[{"href":"https:\/\/cacapalavrasdidaticos.com.br\/site\/wp-json\/wp\/v2\/media?parent=29032"}],"wp:term":[{"taxonomy":"product_brand","embeddable":true,"href":"https:\/\/cacapalavrasdidaticos.com.br\/site\/wp-json\/wp\/v2\/product_brand?post=29032"},{"taxonomy":"product_cat","embeddable":true,"href":"https:\/\/cacapalavrasdidaticos.com.br\/site\/wp-json\/wp\/v2\/product_cat?post=29032"},{"taxonomy":"product_tag","embeddable":true,"href":"https:\/\/cacapalavrasdidaticos.com.br\/site\/wp-json\/wp\/v2\/product_tag?post=29032"}],"curies":[{"name":"wp","href":"https:\/\/api.w.org\/{rel}","templated":true}]}}