{"id":25516,"date":"2026-02-23T16:39:05","date_gmt":"2026-02-23T19:39:05","guid":{"rendered":"https:\/\/cacapalavrasdidaticos.com.br\/site\/?post_type=product&#038;p=25516"},"modified":"2026-05-31T09:25:48","modified_gmt":"2026-05-31T12:25:48","slug":"combo-de-estudos-dirigidos-de-arte-1o-ao-3o-ano-2o-trimestre-ensino-medio","status":"publish","type":"product","link":"https:\/\/cacapalavrasdidaticos.com.br\/site\/produto\/combo-de-estudos-dirigidos-de-arte-1o-ao-3o-ano-2o-trimestre-ensino-medio\/","title":{"rendered":"COMBO DE ESTUDOS DIRIGIDOS DE ARTE &#8211; 1\u00ba AO 3\u00ba ANO (2\u00ba TRIMESTRE) &#8211; ENSINO M\u00c9DIO"},"content":{"rendered":"","protected":false},"excerpt":{"rendered":"<p style=\"margin: 0cm;\">Esta apostila cont\u00e9m <strong>3 apostilas de <\/strong><strong>ESTUDOS DIRIGIDOS<\/strong> de <strong>ARTE (PLANO DE CURSO DE MINAS GERAIS &#8211; 2026)<\/strong>\u00a0para o<strong> 1\u00ba ao 3\u00ba ano do Ensino M\u00e9dio, <\/strong>referente ao<strong> 2\u00baTrimestre.\u00a0<\/strong><\/p>\n<h3 data-start=\"42\" data-end=\"53\">1\u00ba Ano (69 p\u00e1ginas):<\/h3>\n<p data-start=\"56\" data-end=\"84\">1 &#8211; A Frui\u00e7\u00e3o e a An\u00e1lise de Produ\u00e7\u00f5es Art\u00edsticas de Grupos Politicamente Minorizados<br data-start=\"85\" data-end=\"88\" \/>2 &#8211; A Aprecia\u00e7\u00e3o e o Exame das Produ\u00e7\u00f5es Art\u00edsticas e dos Estilos Autorais<br data-start=\"162\" data-end=\"165\" \/>3 &#8211; Os Processos de Cria\u00e7\u00e3o nas Linguagens Art\u00edsticas e o Protagonismo Estudantil<br data-start=\"246\" data-end=\"249\" \/>4 &#8211; A Compreens\u00e3o das Tens\u00f5es entre Produ\u00e7\u00f5es Tradicionais, Cl\u00e1ssicas e Contempor\u00e2neas<br data-start=\"335\" data-end=\"338\" \/>5 &#8211; Reflex\u00e3o Cr\u00edtica sobre Institui\u00e7\u00f5es e Circuitos de Legitima\u00e7\u00e3o Art\u00edstica<br data-start=\"414\" data-end=\"417\" \/>6 &#8211; Valoriza\u00e7\u00e3o de Identidades, Tradi\u00e7\u00f5es e Patrim\u00f4nios Culturais<br data-start=\"482\" data-end=\"485\" \/>7 &#8211; Conhecimento e Experimenta\u00e7\u00e3o de Pr\u00e1ticas Culturais, Tradicionais, Populares e Folcl\u00f3ricas<br data-start=\"579\" data-end=\"582\" \/>8 &#8211; Conhecimento e An\u00e1lise dos Contextos Hist\u00f3ricos, Sociais e Culturais nas Linguagens Art\u00edsticas<br data-start=\"680\" data-end=\"683\" \/>9 &#8211; Valoriza\u00e7\u00e3o de Identidades, Tradi\u00e7\u00f5es e Patrim\u00f4nios Culturais no Contexto Social<br data-start=\"767\" data-end=\"770\" \/>10 &#8211; Processo de Cria\u00e7\u00e3o e Apresenta\u00e7\u00e3o em Dan\u00e7a, Teatro e Performance<\/p>\n<h3 data-start=\"637\" data-end=\"648\">2\u00ba Ano (52 p\u00e1ginas):<\/h3>\n<p data-start=\"651\" data-end=\"710\">1 &#8211; Uso de Ferramentas Digitais na Pesquisa e Organiza\u00e7\u00e3o de Informa\u00e7\u00f5es sobre Arte e Cultura<br data-start=\"93\" data-end=\"96\" \/>2 &#8211; Viv\u00eancia e An\u00e1lise de Processos e Produ\u00e7\u00f5es Art\u00edsticas e sua Circula\u00e7\u00e3o P\u00fablica<br data-start=\"179\" data-end=\"182\" \/>3 &#8211; Aprecia\u00e7\u00e3o de Produ\u00e7\u00f5es Art\u00edsticas e Posicionamento Cr\u00edtico<br data-start=\"245\" data-end=\"248\" \/>4 &#8211; Avalia\u00e7\u00e3o da Utiliza\u00e7\u00e3o das Tecnologias, M\u00eddias e da Ind\u00fastria Cultural nas Produ\u00e7\u00f5es Art\u00edsticas<br data-start=\"348\" data-end=\"351\" \/>5 &#8211; Valoriza\u00e7\u00e3o de Identidades, Tradi\u00e7\u00f5es e Patrim\u00f4nios Culturais no Contexto Social<br data-start=\"435\" data-end=\"438\" \/>6 &#8211; Compreens\u00e3o e An\u00e1lise das Dimens\u00f5es Est\u00e9ticas e \u00c9ticas dos Gestos nas Linguagens Art\u00edsticas<br data-start=\"533\" data-end=\"536\" \/>7 &#8211; Experimenta\u00e7\u00e3o de Dimens\u00f5es Est\u00e9ticas e Po\u00e9ticas dos Gestos em Processos de Cria\u00e7\u00e3o Art\u00edstica<\/p>\n<h3 data-start=\"2244\" data-end=\"2255\">3\u00ba Ano (111 p\u00e1ginas):<\/h3>\n<p data-start=\"2258\" data-end=\"2283\">1 &#8211; Aprecia\u00e7\u00e3o de Produ\u00e7\u00f5es Art\u00edsticas e Posicionamento Cr\u00edtico sobre sua Cria\u00e7\u00e3o, Circula\u00e7\u00e3o e Recep\u00e7\u00e3o<br data-start=\"104\" data-end=\"107\" \/>2 &#8211; Mobiliza\u00e7\u00e3o de Conhecimentos das Linguagens Art\u00edsticas na Cria\u00e7\u00e3o Individual e Coletiva<br data-start=\"198\" data-end=\"201\" \/>3 &#8211; Tomada de Decis\u00f5es em Processos de Cria\u00e7\u00e3o Art\u00edstica<br data-start=\"257\" data-end=\"260\" \/>4 &#8211; Proposi\u00e7\u00e3o e Desenvolvimento de A\u00e7\u00f5es Art\u00edstico-Culturais e o Protagonismo Juvenil<br data-start=\"346\" data-end=\"349\" \/>5 &#8211; Investiga\u00e7\u00e3o de Propostas Art\u00edsticas e Quest\u00f5es Sociais Contempor\u00e2neas<br data-start=\"423\" data-end=\"426\" \/>6 &#8211; Aprecia\u00e7\u00e3o e An\u00e1lise de Produ\u00e7\u00f5es Art\u00edsticas de Grupos Minorizados Socialmente<br data-start=\"508\" data-end=\"511\" \/>7 &#8211; Processos de Cria\u00e7\u00e3o nas Linguagens Art\u00edsticas e Valoriza\u00e7\u00e3o Cultural<br data-start=\"584\" data-end=\"587\" \/>8 &#8211; Produ\u00e7\u00f5es Art\u00edsticas em Meios Digitais, \u00c9tica e Direitos Autorais<br data-start=\"656\" data-end=\"659\" \/>9 &#8211; Frui\u00e7\u00e3o e An\u00e1lise de Processos e Produ\u00e7\u00f5es Art\u00edsticas em Meios Digitais<br data-start=\"734\" data-end=\"737\" \/>10 &#8211; Aprecia\u00e7\u00e3o de Produ\u00e7\u00f5es Art\u00edsticas e Posicionamento Cr\u00edtico sobre a Arte em Meios Digitais<br data-start=\"832\" data-end=\"835\" \/>11 &#8211; Avalia\u00e7\u00e3o da Utiliza\u00e7\u00e3o das Tecnologias e M\u00eddias na Cria\u00e7\u00e3o Art\u00edstica e as Demandas da Atualidade<br data-start=\"937\" data-end=\"940\" \/>12 &#8211; Conhecimento e Experimenta\u00e7\u00e3o de Pr\u00e1ticas Culturais, Tradicionais, Populares e Folcl\u00f3ricas em Diferentes Linguagens Art\u00edsticas<br data-start=\"1071\" data-end=\"1074\" \/>13 &#8211; Conhecimento e An\u00e1lise de Contextos Hist\u00f3ricos, Sociais e Culturais das Produ\u00e7\u00f5es Art\u00edsticas<br data-start=\"1171\" data-end=\"1174\" \/>14 &#8211; Valoriza\u00e7\u00e3o de Identidades, Tradi\u00e7\u00f5es e Patrim\u00f4nio Culturais por Meio da Arte<br data-start=\"1256\" data-end=\"1259\" \/>15 &#8211; Avalia\u00e7\u00e3o da Utiliza\u00e7\u00e3o das Tecnologias e M\u00eddias e a Media\u00e7\u00e3o da Ind\u00fastria Cultural nas Produ\u00e7\u00f5es Art\u00edsticas<br data-start=\"1372\" data-end=\"1375\" \/>16 &#8211; Referencia\u00e7\u00e3o de Textos Segundo as Normas da ABNT<br data-start=\"1429\" data-end=\"1432\" \/>17 &#8211; Normas T\u00e9cnicas de Referencia\u00e7\u00e3o e Formata\u00e7\u00e3o de Textos<br data-start=\"1492\" data-end=\"1495\" \/>18 &#8211; Normas T\u00e9cnicas para Produ\u00e7\u00e3o de Textos Acad\u00eamicos<\/p>\n<p style=\"text-align: center;\"><strong>AVISO IMPORTANTE:<\/strong><\/p>\n<p style=\"text-align: center;\"><strong>MAIS INFORMA\u00c7\u00d5ES E COMPRA PELO PIX, ENTRE EM CONTATO CONOSCO: 31-994716920. PIX: 31-994716920 (Eduardo de Sousa)<\/strong><\/p>\n<p style=\"text-align: center;\"><strong>ENVIO DO MATERIAL: EM AT\u00c9 1 (UM) DIA \u00daTIL, AP\u00d3S A CONFIRMA\u00c7\u00c3O DO PAGAMENTO<\/strong>\u00a0<strong>(SER\u00c1 ENVIADO UM LINK DO GOOGLE DRIVE NO E-MAIL INFORMADO NO ATO DA COMPRA PARA O DOWNLOAD DA APOSTILA).<\/strong><\/p>\n","protected":false},"featured_media":28233,"comment_status":"open","ping_status":"closed","template":"","meta":[],"product_brand":[],"product_cat":[50],"product_tag":[128,31,35,172,132,179],"class_list":["post-25516","product","type-product","status-publish","has-post-thumbnail","product_cat-arte","product_tag-atividades-adaptadas","product_tag-atividades-ludicas","product_tag-ensino-medio","product_tag-estudos-dirigidos","product_tag-questoes-abertas","product_tag-tecnologia-e-inovacao","first","instock","virtual","taxable","purchasable","product-type-simple"],"_links":{"self":[{"href":"https:\/\/cacapalavrasdidaticos.com.br\/site\/wp-json\/wp\/v2\/product\/25516","targetHints":{"allow":["GET"]}}],"collection":[{"href":"https:\/\/cacapalavrasdidaticos.com.br\/site\/wp-json\/wp\/v2\/product"}],"about":[{"href":"https:\/\/cacapalavrasdidaticos.com.br\/site\/wp-json\/wp\/v2\/types\/product"}],"replies":[{"embeddable":true,"href":"https:\/\/cacapalavrasdidaticos.com.br\/site\/wp-json\/wp\/v2\/comments?post=25516"}],"wp:featuredmedia":[{"embeddable":true,"href":"https:\/\/cacapalavrasdidaticos.com.br\/site\/wp-json\/wp\/v2\/media\/28233"}],"wp:attachment":[{"href":"https:\/\/cacapalavrasdidaticos.com.br\/site\/wp-json\/wp\/v2\/media?parent=25516"}],"wp:term":[{"taxonomy":"product_brand","embeddable":true,"href":"https:\/\/cacapalavrasdidaticos.com.br\/site\/wp-json\/wp\/v2\/product_brand?post=25516"},{"taxonomy":"product_cat","embeddable":true,"href":"https:\/\/cacapalavrasdidaticos.com.br\/site\/wp-json\/wp\/v2\/product_cat?post=25516"},{"taxonomy":"product_tag","embeddable":true,"href":"https:\/\/cacapalavrasdidaticos.com.br\/site\/wp-json\/wp\/v2\/product_tag?post=25516"}],"curies":[{"name":"wp","href":"https:\/\/api.w.org\/{rel}","templated":true}]}}